{"id":449,"date":"2026-04-15T20:46:54","date_gmt":"2026-04-15T20:46:54","guid":{"rendered":"https:\/\/dateotherhomes.pt\/?page_id=449"},"modified":"2026-04-16T08:43:24","modified_gmt":"2026-04-16T08:43:24","slug":"vila-de-frades","status":"publish","type":"page","link":"https:\/\/dateotherhomes.pt\/en\/turismo-local\/vila-de-frades\/","title":{"rendered":"Vila de Frades"},"content":{"rendered":"<div class=\"wpb-content-wrapper\"><div data-parent=\"true\" class=\"vc_row inverted-device-order row-container\" id=\"row-unique-0\"><div class=\"row col-quad-gutter quad-top-padding quad-bottom-padding quad-h-padding full-width row-parent\"><div class=\"wpb_row row-inner\"><div class=\"wpb_column pos-middle pos-center align_left column_parent col-lg-5 single-internal-gutter\"><div class=\"uncol style-light\"  ><div class=\"uncoltable\"><div class=\"uncell no-block-padding\" ><div class=\"uncont\" ><div class=\"uncode-single-media  text-left\"><div class=\"single-wrapper\" style=\"max-width: 100%;\"><div class=\"tmb tmb-light  tmb-img-ratio tmb-media-first tmb-media-last tmb-content-overlay tmb-no-bg\"><div class=\"t-inside\"><div class=\"t-entry-visual\"><div class=\"t-entry-visual-tc\"><div class=\"uncode-single-media-wrapper\"><div class=\"dummy\" style=\"padding-top: 133.6%;\"><\/div><img decoding=\"async\" class=\"wp-image-448\" src=\"https:\/\/dateotherhomes.pt\/wp-content\/uploads\/2026\/04\/Vila_de_Frades-uai-399x533.jpg\" width=\"399\" height=\"533\" alt=\"\"><\/div>\n\t\t\t\t\t<\/div>\n\t\t\t\t<\/div><\/div><\/div><\/div><\/div><\/div><\/div><\/div><\/div><\/div><div class=\"wpb_column pos-middle pos-center align_left column_parent col-lg-7 double-internal-gutter\"><div class=\"uncol style-light\"  ><div class=\"uncoltable\"><div class=\"uncell no-block-padding\" ><div class=\"uncont\" style=\" max-width:75%;\" ><div class=\"vc_row row-internal row-container\"><div class=\"row col-double-gutter row-child\"><div class=\"wpb_row row-inner\"><div class=\"wpb_column pos-top pos-center align_left column_child col-lg-12 single-internal-gutter\"><div class=\"uncol style-light\" ><div class=\"uncoltable\"><div class=\"uncell no-block-padding\" ><div class=\"uncont\" ><div class=\"vc_custom_heading_wrap\"><div class=\"heading-text el-text\" ><h1 class=\"h1\" ><span>Vila de Frades<\/span><\/h1><\/div><div class=\"clear\"><\/div><\/div><\/div><\/div><\/div><\/div><\/div><\/div><\/div><\/div><div class=\"divider-wrapper\"  >\n    <hr class=\"unseparator border-color-lxmt-color separator-no-padding\"  \/>\n<\/div>\n<div class=\"vc_row row-internal row-container\"><div class=\"row col-double-gutter row-child\"><div class=\"wpb_row row-inner\"><div class=\"wpb_column pos-top pos-center align_left column_child col-lg-12 no-internal-gutter\"><div class=\"uncol style-light\" ><div class=\"uncoltable\"><div class=\"uncell no-block-padding\" ><div class=\"uncont\" ><div class=\"vc_custom_heading_wrap\"><div class=\"heading-text el-text\" ><p class=\"h2\" ><span>Between vineyards and tradition, you'll find our space in Vila de Frades<\/span><\/p><\/div><div class=\"clear\"><\/div><\/div><div class=\"empty-space empty-single\" ><span class=\"empty-space-inner\"><\/span><\/div>\n<div class=\"vc_custom_heading_wrap\"><div class=\"heading-text el-text\" ><h3 class=\"h3 font-weight-400\" ><span>&#8211; um lugar onde o Alentejo se revela na sua ess\u00eancia mais aut\u00eantica, marcado pelo ritmo tranquilo, pela cultura do vinho da talha e por uma heran\u00e7a que se vive em cada detalhe, longe da pressa e do ru\u00eddo do quotidiano.<\/span><\/h3><\/div><div class=\"clear\"><\/div><\/div><\/div><\/div><\/div><\/div><\/div><\/div><\/div><\/div><\/div><\/div><\/div><\/div><\/div><script id=\"script-row-unique-0\" data-row=\"script-row-unique-0\" type=\"text\/javascript\" class=\"vc_controls\">UNCODE.initRow(document.getElementById(\"row-unique-0\"));<\/script><\/div><\/div><\/div><div data-parent=\"true\" class=\"vc_row row-container\" id=\"row-unique-1\"><div class=\"row single-top-padding quad-bottom-padding single-h-padding limit-width row-parent\"><div class=\"wpb_row row-inner\"><div class=\"wpb_column pos-top pos-center align_left column_parent col-lg-12 single-internal-gutter\"><div class=\"uncol style-light\"  ><div class=\"uncoltable\"><div class=\"uncell no-block-padding\" ><div class=\"uncont\" ><div class=\"uncode-tabs wpb_content_element  border-100 tab-scrolling\" data-interval=\"\"  data-target=\"row\"><div class=\"uncode-wrapper tab-container default-typography advanced-typography\"><div class=\"vc_tta-tabs-container\"><div class=\"vc_tta-tabs-scroller text-center tab-active-anim\"><ul class=\"nav nav-tabs wpb_tabs_nav ui-tabs-nav vc_tta-tabs-list text-center tab-active-anim\"><li data-tab-id=\"natureza\" data-tab-o-id=\"1671548483061-0-5167283140478516728331040304f36-4c3e6d4f-e5ed\" class=\"vc_tta-tab active\"><a href=\"#natureza\" data-toggle=\"tab\" data-tab-history=\"true\" data-tab-history-changer=\"push\" data-tab-history-update-url=\"true\"><span><span><span class=\"h5 font-weight-600\">Exploring nature and heritage<\/span><\/span><\/span><\/a><\/li><li data-tab-id=\"sabores\" data-tab-o-id=\"1671548483266-0-3167283140478516728331040304f36-4c3e6d4f-e5ed\" class=\"vc_tta-tab\"><a href=\"#sabores\" data-toggle=\"tab\" data-tab-history=\"true\" data-tab-history-changer=\"push\" data-tab-history-update-url=\"true\"><span><span><span class=\"h5 font-weight-600\">Alentejo flavours<\/span><\/span><\/span><\/a><\/li><\/ul><\/div><\/div><div class=\"tab-content wpb_wrapper\"><div data-id=\"natureza\" class=\"tab-pane in active half-internal-gutter double-block-padding\"><div>\n\t\t\t\t<div class=\"uncode-wrapper uncode-list\" >\n<h3>Vila de Frades (Vidigueira)<\/h3>\n<ul class=\"icons\">\n<li><i class=\"fa fa-circle-thin text-color-143758-color\"><\/i>Cella Vinaria Antiqua Winery-Museum (carvings and carved wine).<\/li>\n<li><i class=\"fa fa-circle-thin text-color-143758-color\"><\/i>Generations of Talha (traditional winery and tastings).<\/li>\n<li><i class=\"fa fa-circle-thin text-color-143758-color\"><\/i>Roman Ruins of S\u00e3o Cucufate \/ Roman Villa of S\u00e3o Cucufate.<\/li>\n<li><i class=\"fa fa-circle-thin text-color-143758-color\"><\/i>Casa do Arco Museum.<\/li>\n<li><i class=\"fa fa-circle-thin text-color-143758-color\"><\/i>Vila de Frades Mother Church and Miseric\u00f3rdia Church.<\/li>\n<li><i class=\"fa fa-circle-thin text-color-143758-color\"><\/i>Chapel of S\u00e3o Br\u00e1s and Chapel of Santo Ant\u00f3nio dos A\u00e7ores.<\/li>\n<\/ul>\n<\/div><div class=\"uncode-wrapper uncode-list\" >\n<h3>Vidigueira<\/h3>\n<ul class=\"icons\">\n<li><i class=\"fa fa-circle-thin text-color-143758-color\"><\/i>Roman ruins of S\u00e3o Cucufate.<\/li>\n<li><i class=\"fa fa-circle-thin text-color-143758-color\"><\/i>Adega Cooperativa de Vidigueira and other wine farms.<\/li>\n<li><i class=\"fa fa-circle-thin text-color-143758-color\"><\/i>Miseric\u00f3rdia Church (17th century, tiles).<\/li>\n<li><i class=\"fa fa-circle-thin text-color-143758-color\"><\/i>Ruins of Vidigueira Castle.<\/li>\n<li><i class=\"fa fa-circle-thin text-color-143758-color\"><\/i>Vidigueira Municipal Museum.<\/li>\n<\/ul>\n<\/div><div class=\"uncode-wrapper uncode-list\" >\n<h3>Cuba<\/h3>\n<ul class=\"icons\">\n<li><i class=\"fa fa-circle-thin text-color-143758-color\"><\/i>St Vincent's Church and Art Treasure (sacred art).<\/li>\n<li><i class=\"fa fa-circle-thin text-color-143758-color\"><\/i>Christopher Columbus Square and statue of Christopher Columbus.<\/li>\n<li><i class=\"fa fa-circle-thin text-color-143758-color\"><\/i>St Vincent's Well (linked to local legend).<\/li>\n<li><i class=\"fa fa-circle-thin text-color-143758-color\"><\/i>Roman dam of Nossa Senhora da Represa (Vila Ruiva).<\/li>\n<li><i class=\"fa fa-circle-thin text-color-143758-color\"><\/i>Cuba Cultural Route: typical taverns, Largo da Igreja, Rua Longa, Rua de Lisboa, stately homes and gardens.<\/li>\n<\/ul>\n<\/div><\/div><\/div><div data-id=\"sabores\" class=\"tab-pane single-internal-gutter double-block-padding\"><div>\n\t\t\t\t<div class=\"vc_row row-internal row-container\"><div class=\"row row-child\"><div class=\"wpb_row row-inner\"><div class=\"wpb_column pos-top pos-center align_left column_child col-lg-12 single-internal-gutter\"><div class=\"uncol style-light\" ><div class=\"uncoltable\"><div class=\"uncell no-block-padding\" ><div class=\"uncont\" ><div class=\"vc_custom_heading_wrap\"><div class=\"heading-text el-text\" ><h1 class=\"h1\" ><span>Vila de Frades<\/span><\/h1><\/div><div class=\"clear\"><\/div><\/div><\/div><\/div><\/div><\/div><\/div><\/div><\/div><\/div><div class=\"vc_row row-internal row-container\"><div class=\"row row-child\"><div class=\"wpb_row row-inner\"><div class=\"wpb_column pos-top pos-center align_left column_child col-lg-6 single-internal-gutter\"><div class=\"uncol style-light\" ><div class=\"uncoltable\"><div class=\"uncell no-block-padding\" ><div class=\"uncont\" ><div class=\"vc_custom_heading_wrap\"><div class=\"heading-text el-text\" ><h2 class=\"h2\" ><span>Restaurants<\/span><\/h2><\/div><div class=\"clear\"><\/div><\/div><div class=\"uncode_text_column\" ><\/p>\n<h3>Winery Restaurant Pa\u00eds das Uvas<\/h3>\n<p><strong>Type<\/strong>: Adega-Typical Alentejo Restaurant<br \/>\n<strong>Location<\/strong>: Rua General Humberto Delgado, 19<br \/>\n<strong>Specialities<\/strong>: Chickpea stew, Black pork ribs, Sericaia with plums, Alentejo songs<br \/>\n<strong>Environment<\/strong>: Old wine cellar with Moorish carvings, used to produce handmade carved wine.<\/p>\n<h3>Quinta do Quetzal<\/h3>\n<p><strong>Type<\/strong>: Exquisite Restaurant, Pub &amp; Bar, Wine Bar<br \/>\n<strong>Specialities<\/strong>: Mediterranean and European cuisine<br \/>\n<strong>Environment<\/strong>: Sophisticated space with excellent service<\/p>\n<h3>Le Poulet Barbecue Restaurant<\/h3>\n<p><strong>Type<\/strong>: Barbecue<br \/>\n<strong>Specialities<\/strong>: Grills, Meat<br \/>\n<strong>Environment<\/strong>: Family<\/p>\n<\/div><\/div><\/div><\/div><\/div><\/div><div class=\"wpb_column pos-top pos-center align_left column_child col-lg-6 single-internal-gutter\"><div class=\"uncol style-light\" ><div class=\"uncoltable\"><div class=\"uncell no-block-padding\" ><div class=\"uncont\" ><div class=\"vc_custom_heading_wrap\"><div class=\"heading-text el-text\" ><h2 class=\"h2\" ><span>Taverns and wine bars<\/span><\/h2><\/div><div class=\"clear\"><\/div><\/div><div class=\"uncode_text_column\" ><\/p>\n<h3>Taberna do Enteiri\u00e7o<\/h3>\n<p><strong>Type<\/strong>: Wine bar, Snacks<br \/>\n<strong>Specialities<\/strong>: Uncomplicated snacks, Ant\u00e3o Vaz<br \/>\n<strong>Environment<\/strong>: Clean and cosy<\/p>\n<h3>Arcos Tavern<\/h3>\n<p><strong>Type<\/strong>: Adega Cooperativa da Vidigueira<br \/>\n<strong>Features<\/strong>: Has the oldest carving in Vila de Frades (1656)<br \/>\n<strong>Specialities<\/strong>: Sausages, Greaves, Regional cheeses<br \/>\n<strong>Timetable<\/strong>: Weekend<\/p>\n<\/div><\/div><\/div><\/div><\/div><\/div><\/div><\/div><\/div><div class=\"vc_row row-internal row-container\"><div class=\"row row-child\"><div class=\"wpb_row row-inner\"><div class=\"wpb_column pos-top pos-center align_left column_child col-lg-12 single-internal-gutter\"><div class=\"uncol style-light\" ><div class=\"uncoltable\"><div class=\"uncell no-block-padding\" ><div class=\"uncont\" ><div class=\"vc_custom_heading_wrap\"><div class=\"heading-text el-text\" ><h1 class=\"h1\" ><span>Cuba<\/span><\/h1><\/div><div class=\"clear\"><\/div><\/div><\/div><\/div><\/div><\/div><\/div><\/div><\/div><\/div><div class=\"vc_row row-internal row-container\"><div class=\"row row-child\"><div class=\"wpb_row row-inner\"><div class=\"wpb_column pos-top pos-center align_left column_child col-lg-6 single-internal-gutter\"><div class=\"uncol style-light\" ><div class=\"uncoltable\"><div class=\"uncell no-block-padding\" ><div class=\"uncont\" ><div class=\"vc_custom_heading_wrap\"><div class=\"heading-text el-text\" ><h2 class=\"h2\" ><span>Restaurants<\/span><\/h2><\/div><div class=\"clear\"><\/div><\/div><div class=\"uncode_text_column\" ><\/p>\n<h3>Casa de Monte Pedral Winery<\/h3>\n<p><strong>Location<\/strong>: Cuba Town Centre<br \/>\n<strong>Features<\/strong>: Vaults, Traditional oven, Wine carvings<br \/>\n<strong>Specialities<\/strong>: Regional dishes, Grilled meats, Fish, Seafood<br \/>\n<strong>Experience<\/strong>: Singing Alentejo's traditional songs<br \/>\n<strong>Environment<\/strong>: Impressive decor<\/p>\n<\/div><\/div><\/div><\/div><\/div><\/div><div class=\"wpb_column pos-top pos-center align_left column_child col-lg-6 single-internal-gutter\"><div class=\"uncol style-light\" ><div class=\"uncoltable\"><div class=\"uncell no-block-padding\" ><div class=\"uncont\" ><div class=\"vc_custom_heading_wrap\"><div class=\"heading-text el-text\" ><h2 class=\"h2\" ><span>Taverns and wine bars<\/span><\/h2><\/div><div class=\"clear\"><\/div><\/div><div class=\"uncode_text_column\" ><\/p>\n<h3>Cuba Tavern<\/h3>\n<p><strong>Location<\/strong>: Cuba Town Centre<br \/>\n<strong>Specialities<\/strong>: Regional cheeses and sausages, Tomatoes, Scrambled eggs with asparagus, Beans with meat<br \/>\n<strong>Environment<\/strong>: Informal, Bottle shop dedicated to regional wines<br \/>\n<strong>Timetable<\/strong>Mon-Fri 19h-23h | Sat-Sun 12h-00h<\/p>\n<h3>Caf\u00e9 Cervejaria Cubense<\/h3>\n<p>Open since 1934<\/p>\n<p><strong>Specialities<\/strong>: Lamb stew, Beans with carrasquinhas, Bean stew, Tomato soup, Pot soup, Broad beans, Grilled meats, Snails (seasonal)<br \/>\n<strong>Timetable<\/strong>: 08h00-00h00 (Open every day)<\/p>\n<p><strong>SPECIAL GASTRONOMIC EXPERIENCES<\/strong><\/p>\n<ul>\n<li>Talha Wine Tasting: Available in several wineries, especially Pa\u00eds das Uvas<\/li>\n<li>Cantares Alentejanos: Choral groups enlivening meals (Cuba and Pa\u00eds das Uvas)<\/li>\n<li>Rota dos Vinhos de Talha: Thematic route linking wineries and local producers<\/li>\n<\/ul>\n<p>\n<\/div><\/div><\/div><\/div><\/div><\/div><\/div><\/div><\/div><\/div><\/div><\/div><\/div><\/div><\/div><\/div><\/div><\/div><\/div><script id=\"script-row-unique-1\" data-row=\"script-row-unique-1\" type=\"text\/javascript\" class=\"vc_controls\">UNCODE.initRow(document.getElementById(\"row-unique-1\"));<\/script><\/div><\/div><\/div>\n<\/div>","protected":false},"excerpt":{"rendered":"Vila de Frades Entre as vinhas e a tradi\u00e7\u00e3o, encontra-se o nosso espa\u00e7o, em Vila de Frades - um lugar [...]","protected":false},"author":1,"featured_media":0,"parent":246,"menu_order":0,"comment_status":"closed","ping_status":"closed","template":"","meta":{"footnotes":""},"class_list":["post-449","page","type-page","status-publish","hentry"],"_links":{"self":[{"href":"https:\/\/dateotherhomes.pt\/en\/wp-json\/wp\/v2\/pages\/449","targetHints":{"allow":["GET"]}}],"collection":[{"href":"https:\/\/dateotherhomes.pt\/en\/wp-json\/wp\/v2\/pages"}],"about":[{"href":"https:\/\/dateotherhomes.pt\/en\/wp-json\/wp\/v2\/types\/page"}],"author":[{"embeddable":true,"href":"https:\/\/dateotherhomes.pt\/en\/wp-json\/wp\/v2\/users\/1"}],"replies":[{"embeddable":true,"href":"https:\/\/dateotherhomes.pt\/en\/wp-json\/wp\/v2\/comments?post=449"}],"version-history":[{"count":8,"href":"https:\/\/dateotherhomes.pt\/en\/wp-json\/wp\/v2\/pages\/449\/revisions"}],"predecessor-version":[{"id":474,"href":"https:\/\/dateotherhomes.pt\/en\/wp-json\/wp\/v2\/pages\/449\/revisions\/474"}],"up":[{"embeddable":true,"href":"https:\/\/dateotherhomes.pt\/en\/wp-json\/wp\/v2\/pages\/246"}],"wp:attachment":[{"href":"https:\/\/dateotherhomes.pt\/en\/wp-json\/wp\/v2\/media?parent=449"}],"curies":[{"name":"wp","href":"https:\/\/api.w.org\/{rel}","templated":true}]}}